{"version":"1.0","provider_name":"Festival du Bois","provider_url":"https:\/\/www.festivaldubois.ca\/fr\/","author_name":"john","author_url":"https:\/\/www.festivaldubois.ca\/fr\/author\/john\/","title":"Les \u00c9chos Du Pacifique - Festival du Bois","type":"rich","width":600,"height":338,"html":"<blockquote class=\"wp-embedded-content\" data-secret=\"yNqm7fBoE9\"><a href=\"https:\/\/www.festivaldubois.ca\/fr\/artist\/les-echos-du-pacifique-4\/\">Les \u00c9chos Du Pacifique<\/a><\/blockquote><iframe sandbox=\"allow-scripts\" security=\"restricted\" src=\"https:\/\/www.festivaldubois.ca\/fr\/artist\/les-echos-du-pacifique-4\/embed\/#?secret=yNqm7fBoE9\" width=\"600\" height=\"338\" title=\"\u00ab\u00a0Les \u00c9chos Du Pacifique\u00a0\u00bb &#8212; Festival du Bois\" data-secret=\"yNqm7fBoE9\" frameborder=\"0\" marginwidth=\"0\" marginheight=\"0\" scrolling=\"no\" class=\"wp-embedded-content\"><\/iframe><script type=\"text\/javascript\">\n\/* <![CDATA[ *\/\n\/*! This file is auto-generated *\/\n!function(d,l){\"use strict\";l.querySelector&&d.addEventListener&&\"undefined\"!=typeof URL&&(d.wp=d.wp||{},d.wp.receiveEmbedMessage||(d.wp.receiveEmbedMessage=function(e){var t=e.data;if((t||t.secret||t.message||t.value)&&!\/[^a-zA-Z0-9]\/.test(t.secret)){for(var s,r,n,a=l.querySelectorAll('iframe[data-secret=\"'+t.secret+'\"]'),o=l.querySelectorAll('blockquote[data-secret=\"'+t.secret+'\"]'),c=new RegExp(\"^https?:$\",\"i\"),i=0;i<o.length;i++)o[i].style.display=\"none\";for(i=0;i<a.length;i++)s=a[i],e.source===s.contentWindow&&(s.removeAttribute(\"style\"),\"height\"===t.message?(1e3<(r=parseInt(t.value,10))?r=1e3:~~r<200&&(r=200),s.height=r):\"link\"===t.message&&(r=new URL(s.getAttribute(\"src\")),n=new URL(t.value),c.test(n.protocol))&&n.host===r.host&&l.activeElement===s&&(d.top.location.href=t.value))}},d.addEventListener(\"message\",d.wp.receiveEmbedMessage,!1),l.addEventListener(\"DOMContentLoaded\",function(){for(var e,t,s=l.querySelectorAll(\"iframe.wp-embedded-content\"),r=0;r<s.length;r++)(t=(e=s[r]).getAttribute(\"data-secret\"))||(t=Math.random().toString(36).substring(2,12),e.src+=\"#?secret=\"+t,e.setAttribute(\"data-secret\",t)),e.contentWindow.postMessage({message:\"ready\",secret:t},\"*\")},!1)))}(window,document);\n\/\/# sourceURL=https:\/\/www.festivaldubois.ca\/wp-includes\/js\/wp-embed.min.js\n\/* ]]> *\/\n<\/script>\n","description":"Cr\u00e9\u00e9e en 1973, les \u00c9chos du Pacifique est une chorale francophone \u00e0 quatre voix mixtes \u00e9tablie \u00e0 Maillardville. Au cours des ann\u00e9es, la chorale participa \u00e0 de nombreux \u00e9v\u00e9nements, par exemple Expo 86 \u00e0 Vancouver. En 2009, la chorale a interpr\u00e9t\u00e9 \u00ab\u00a0Le r\u00eave d&rsquo;un village\u00a0\u00bb, chanson th\u00e8me des festivit\u00e9s du 100e anniversaire de Maillardville. En [&hellip;]","thumbnail_url":"https:\/\/www.festivaldubois.ca\/wp-content\/uploads\/2013\/12\/LEDP.jpg"}