{"version":"1.0","provider_name":"Festival du Bois","provider_url":"https:\/\/www.festivaldubois.ca\/fr\/","author_name":"john","author_url":"https:\/\/www.festivaldubois.ca\/fr\/author\/john\/","title":"Les \u00c9chos du Pacifique - Festival du Bois","type":"rich","width":600,"height":338,"html":"<blockquote class=\"wp-embedded-content\" data-secret=\"khJlkhu9Ir\"><a href=\"https:\/\/www.festivaldubois.ca\/fr\/artist\/les-echos-du-pacifique-5\/\">Les \u00c9chos du Pacifique<\/a><\/blockquote><iframe sandbox=\"allow-scripts\" security=\"restricted\" src=\"https:\/\/www.festivaldubois.ca\/fr\/artist\/les-echos-du-pacifique-5\/embed\/#?secret=khJlkhu9Ir\" width=\"600\" height=\"338\" title=\"\u00ab\u00a0Les \u00c9chos du Pacifique\u00a0\u00bb &#8212; Festival du Bois\" data-secret=\"khJlkhu9Ir\" frameborder=\"0\" marginwidth=\"0\" marginheight=\"0\" scrolling=\"no\" class=\"wp-embedded-content\"><\/iframe><script type=\"text\/javascript\">\n\/* <![CDATA[ *\/\n\/*! This file is auto-generated *\/\n!function(d,l){\"use strict\";l.querySelector&&d.addEventListener&&\"undefined\"!=typeof URL&&(d.wp=d.wp||{},d.wp.receiveEmbedMessage||(d.wp.receiveEmbedMessage=function(e){var t=e.data;if((t||t.secret||t.message||t.value)&&!\/[^a-zA-Z0-9]\/.test(t.secret)){for(var s,r,n,a=l.querySelectorAll('iframe[data-secret=\"'+t.secret+'\"]'),o=l.querySelectorAll('blockquote[data-secret=\"'+t.secret+'\"]'),c=new RegExp(\"^https?:$\",\"i\"),i=0;i<o.length;i++)o[i].style.display=\"none\";for(i=0;i<a.length;i++)s=a[i],e.source===s.contentWindow&&(s.removeAttribute(\"style\"),\"height\"===t.message?(1e3<(r=parseInt(t.value,10))?r=1e3:~~r<200&&(r=200),s.height=r):\"link\"===t.message&&(r=new URL(s.getAttribute(\"src\")),n=new URL(t.value),c.test(n.protocol))&&n.host===r.host&&l.activeElement===s&&(d.top.location.href=t.value))}},d.addEventListener(\"message\",d.wp.receiveEmbedMessage,!1),l.addEventListener(\"DOMContentLoaded\",function(){for(var e,t,s=l.querySelectorAll(\"iframe.wp-embedded-content\"),r=0;r<s.length;r++)(t=(e=s[r]).getAttribute(\"data-secret\"))||(t=Math.random().toString(36).substring(2,12),e.src+=\"#?secret=\"+t,e.setAttribute(\"data-secret\",t)),e.contentWindow.postMessage({message:\"ready\",secret:t},\"*\")},!1)))}(window,document);\n\/\/# sourceURL=https:\/\/www.festivaldubois.ca\/wp-includes\/js\/wp-embed.min.js\n\/* ]]> *\/\n<\/script>\n","thumbnail_url":"https:\/\/i0.wp.com\/www.festivaldubois.ca\/wp-content\/uploads\/2015\/02\/Les-Echo-du-Pacifique.jpg?fit=950%2C493&ssl=1","thumbnail_width":950,"thumbnail_height":493,"description":"En 2014, la chorale Les \u00c9chos du Pacifique c\u00e9l\u00e8bra quarante ann\u00e9es d\u2019existence harmonieuse. La long\u00e9vit\u00e9 de cette v\u00e9ritable institution culturelle de Maillardville t\u00e9moigne de la vitalit\u00e9 pr\u00e9sente de la francophonie, tout en faisant honneur au pass\u00e9. Selon son pr\u00e9sident Daniel Bouchard, la chorale a fait ses d\u00e9buts \u00e0 titre de groupe de \u00ab\u00a0Canadiens fran\u00e7ais catholiques\u00a0\u00bb [&hellip;]"}